{"id":5764,"date":"2024-10-23T23:36:11","date_gmt":"2024-10-23T23:36:11","guid":{"rendered":"https:\/\/www.fibernowogrod.pl\/?page_id=5764"},"modified":"2025-01-10T22:18:54","modified_gmt":"2025-01-10T22:18:54","slug":"kalendarium-2024","status":"publish","type":"page","link":"https:\/\/www.fibernowogrod.pl\/index.php\/o-stowarzyszeniu\/kalendarium-2024\/","title":{"rendered":"Kalendarium 2024"},"content":{"rendered":"<p><strong>KALENDARIUM 2024<\/strong><\/p>\n<table style=\"border-collapse: collapse; width: 100%; height: 1199px;\">\n<tbody>\n<tr style=\"height: 24px;\">\n<td style=\"width: 10.2973%; height: 24px;\" width=\"90\">07.01.2024<\/td>\n<td style=\"width: 11.6751%; height: 24px;\" width=\"64\">niedziela<\/td>\n<td style=\"width: 77.9551%; height: 24px;\" width=\"64\">Noworoczny turniej tenisa Sto\u0142owego<\/td>\n<\/tr>\n<tr style=\"height: 24px;\">\n<td style=\"width: 10.2973%; height: 24px;\">21.01.2024<\/td>\n<td style=\"width: 11.6751%; height: 24px;\">niedziela<\/td>\n<td style=\"width: 77.9551%; height: 24px;\">rzut A klasy zielonog\u00f3rskiej<\/td>\n<\/tr>\n<tr style=\"height: 24px;\">\n<td style=\"width: 10.2973%; height: 24px;\">28.01.2024<\/td>\n<td style=\"width: 11.6751%; height: 24px;\">niedziela<\/td>\n<td style=\"width: 77.9551%; height: 24px;\">32 Fina\u0142 WO\u015aP<\/td>\n<\/tr>\n<tr style=\"height: 24px;\">\n<td style=\"width: 99.9275%; height: 24px;\" colspan=\"3\">&#8211;<\/td>\n<\/tr>\n<tr style=\"height: 24px;\">\n<td style=\"width: 10.2973%; height: 24px;\">28.02.2024<\/td>\n<td style=\"width: 11.6751%; height: 24px;\">\u015broda<\/td>\n<td style=\"width: 77.9551%; height: 24px;\">GRY PLANSZOWE z Seniorami<\/td>\n<\/tr>\n<tr style=\"height: 24px;\">\n<td style=\"width: 99.9275%; height: 24px;\" colspan=\"3\">&#8211;<\/td>\n<\/tr>\n<tr style=\"height: 24px;\">\n<td style=\"width: 10.2973%; height: 24px;\">03.03.2024<\/td>\n<td style=\"width: 11.6751%; height: 24px;\">niedziela<\/td>\n<td style=\"width: 77.9551%; height: 24px;\">Deblowe Mistrzostwa gminy w tenisie sto\u0142owym<\/td>\n<\/tr>\n<tr style=\"height: 24px;\">\n<td style=\"width: 99.9275%; height: 24px;\" colspan=\"3\">&#8211;<\/td>\n<\/tr>\n<tr style=\"height: 24px;\">\n<td style=\"width: 10.2973%; height: 24px;\">05.04.2024<\/td>\n<td style=\"width: 11.6751%; height: 24px;\">pi\u0105tek<\/td>\n<td style=\"width: 77.9551%; height: 24px;\">Rowerowe przygody z Fiberem z SP1<\/td>\n<\/tr>\n<tr style=\"height: 24px;\">\n<td style=\"width: 10.2973%; height: 24px;\">06.04.2024<\/td>\n<td style=\"width: 11.6751%; height: 24px;\">sobota<\/td>\n<td style=\"width: 77.9551%; height: 24px;\">mecze V ligi tenisa sto\u0142owego<\/td>\n<\/tr>\n<tr style=\"height: 24px;\">\n<td style=\"width: 10.2973%; height: 24px;\">06.04.2024<\/td>\n<td style=\"width: 11.6751%; height: 24px;\">sobota<\/td>\n<td style=\"width: 77.9551%; height: 24px;\">Zako\u0144czenie Nowogrodzkiej Ligi Tenisa Sto\u0142owego<\/td>\n<\/tr>\n<tr style=\"height: 24px;\">\n<td style=\"width: 10.2973%; height: 24px;\">14.04.2024<\/td>\n<td style=\"width: 11.6751%; height: 24px;\">niedziela<\/td>\n<td style=\"width: 77.9551%; height: 24px;\">Wielkanocny Turniej Tenisa Sto\u0142owego<\/td>\n<\/tr>\n<tr style=\"height: 24px;\">\n<td style=\"width: 10.2973%; height: 24px;\">28.04.2024<\/td>\n<td style=\"width: 11.6751%; height: 24px;\">niedziela<\/td>\n<td style=\"width: 77.9551%; height: 24px;\">rzut A klasy zielonog\u00f3rskiej<\/td>\n<\/tr>\n<tr style=\"height: 23px;\">\n<td style=\"width: 99.9275%; height: 23px;\" colspan=\"3\">&#8211;<\/td>\n<\/tr>\n<tr style=\"height: 24px;\">\n<td style=\"width: 10.2973%; height: 24px;\">01.05.2024<\/td>\n<td style=\"width: 11.6751%; height: 24px;\">\u015broda<\/td>\n<td style=\"width: 77.9551%; height: 24px;\">Pierwszomajowy Rajd Rodzinny<\/td>\n<\/tr>\n<tr style=\"height: 24px;\">\n<td style=\"width: 10.2973%; height: 24px;\">04.05.2024<\/td>\n<td style=\"width: 11.6751%; height: 24px;\">sobota<\/td>\n<td style=\"width: 77.9551%; height: 24px;\">Festyn Charytatywny w Biedrzychowicach Dolnych<\/td>\n<\/tr>\n<tr style=\"height: 24px;\">\n<td style=\"width: 10.2973%; height: 24px;\">11.05.2024<\/td>\n<td style=\"width: 11.6751%; height: 24px;\">sobota<\/td>\n<td style=\"width: 77.9551%; height: 24px;\">mecze V ligi tenisa sto\u0142owego<\/td>\n<\/tr>\n<tr style=\"height: 24px;\">\n<td style=\"width: 10.2973%; height: 24px;\">12.05.2024<\/td>\n<td style=\"width: 11.6751%; height: 24px;\">niedziela<\/td>\n<td style=\"width: 77.9551%; height: 24px;\">Tr\u00f3jmecz towarzyski w tenisa sto\u0142owego<\/td>\n<\/tr>\n<tr style=\"height: 24px;\">\n<td style=\"width: 10.2973%; height: 24px;\">25.05.2024<\/td>\n<td style=\"width: 11.6751%; height: 24px;\">sobota<\/td>\n<td style=\"width: 77.9551%; height: 24px;\">Szkolny Festyn z okazji Dnia Dziecka<\/td>\n<\/tr>\n<tr style=\"height: 24px;\">\n<td style=\"width: 99.9275%; height: 24px;\" colspan=\"3\">&#8211;<\/td>\n<\/tr>\n<tr style=\"height: 24px;\">\n<td style=\"width: 10.2973%; height: 24px;\">01.06.2024<\/td>\n<td style=\"width: 11.6751%; height: 24px;\">sobota<\/td>\n<td style=\"width: 77.9551%; height: 24px;\">Gminny rajd rowerowy &#8211; Tuchola \u017barska<\/td>\n<\/tr>\n<tr style=\"height: 24px;\">\n<td style=\"width: 10.2973%; height: 24px;\">08.06.2024<\/td>\n<td style=\"width: 11.6751%; height: 24px;\">sobota<\/td>\n<td style=\"width: 77.9551%; height: 24px;\">Festyn z okazji Dnia Dziecka w Niwiskach<\/td>\n<\/tr>\n<tr style=\"height: 24px;\">\n<td style=\"width: 10.2973%; height: 24px;\">08.06.2024<\/td>\n<td style=\"width: 11.6751%; height: 24px;\">sobota<\/td>\n<td style=\"width: 77.9551%; height: 24px;\">Festyn z okazji Dnia Dziecka w Krzewinach<\/td>\n<\/tr>\n<tr style=\"height: 24px;\">\n<td style=\"width: 10.2973%; height: 24px;\">09.06.2024<\/td>\n<td style=\"width: 11.6751%; height: 24px;\">niedziela<\/td>\n<td style=\"width: 77.9551%; height: 24px;\">VI Lubuskie \u015awi\u0119to Roweru<\/td>\n<\/tr>\n<tr style=\"height: 24px;\">\n<td style=\"width: 10.2973%; height: 24px;\">14.06.2024<\/td>\n<td style=\"width: 11.6751%; height: 24px;\">pi\u0105tek<\/td>\n<td style=\"width: 77.9551%; height: 24px;\">Noc \u015awi\u0119toja\u0144ska w Nowogrodzie Bobrza\u0144skim<\/td>\n<\/tr>\n<tr style=\"height: 24px;\">\n<td style=\"width: 10.2973%; height: 24px;\">22.06.2024<\/td>\n<td style=\"width: 11.6751%; height: 24px;\">sobota<\/td>\n<td style=\"width: 77.9551%; height: 24px;\">Festyn Rodzinny w Wysokiej<\/td>\n<\/tr>\n<tr style=\"height: 24px;\">\n<td style=\"width: 10.2973%; height: 24px;\">22.06.2024<\/td>\n<td style=\"width: 11.6751%; height: 24px;\">sobota<\/td>\n<td style=\"width: 77.9551%; height: 24px;\">Noc \u015awi\u0119toja\u0144ska w Niwiskach<\/td>\n<\/tr>\n<tr style=\"height: 24px;\">\n<td style=\"width: 10.2973%; height: 24px;\">29.06.2024<\/td>\n<td style=\"width: 11.6751%; height: 24px;\">sobota<\/td>\n<td style=\"width: 77.9551%; height: 24px;\">Nowogrodzki Rajd Integracyjny<\/td>\n<\/tr>\n<tr style=\"height: 24px;\">\n<td style=\"width: 10.2973%; height: 24px;\">30.06.2024<\/td>\n<td style=\"width: 11.6751%; height: 24px;\">niedziela<\/td>\n<td style=\"width: 77.9551%; height: 24px;\">Dni Nowogrodu Bobrza\u0144skiego<\/td>\n<\/tr>\n<tr style=\"height: 24px;\">\n<td style=\"width: 99.9275%; height: 24px;\" colspan=\"3\">&#8211;<\/td>\n<\/tr>\n<tr style=\"height: 24px;\">\n<td style=\"width: 10.2973%; height: 24px;\">06.07.2024<\/td>\n<td style=\"width: 11.6751%; height: 24px;\">sobota<\/td>\n<td style=\"width: 77.9551%; height: 24px;\">Piknik Charytatywny w Guzowie<\/td>\n<\/tr>\n<tr style=\"height: 24px;\">\n<td style=\"width: 10.2973%; height: 24px;\">12-14.07.2024<\/td>\n<td style=\"width: 11.6751%; height: 24px;\"><\/td>\n<td style=\"width: 77.9551%; height: 24px;\">Rowerem po Brandenburgii<\/td>\n<\/tr>\n<tr style=\"height: 24px;\">\n<td style=\"width: 10.2973%; height: 24px;\">21.07.2024<\/td>\n<td style=\"width: 11.6751%; height: 24px;\">niedziela<\/td>\n<td style=\"width: 77.9551%; height: 24px;\">Rajd Charytatywny<\/td>\n<\/tr>\n<tr style=\"height: 24px;\">\n<td style=\"width: 99.9275%; height: 24px;\" colspan=\"3\">&#8211;<\/td>\n<\/tr>\n<tr style=\"height: 24px;\">\n<td style=\"width: 10.2973%; height: 24px;\">03.08.2024<\/td>\n<td style=\"width: 11.6751%; height: 24px;\">sobota<\/td>\n<td style=\"width: 77.9551%; height: 24px;\">Wystawa Produkt\u00f3w Regionalnych &#8211; Lubomy\u015bl<\/td>\n<\/tr>\n<tr style=\"height: 24px;\">\n<td style=\"width: 10.2973%; height: 24px;\">10.08.2024<\/td>\n<td style=\"width: 11.6751%; height: 24px;\">sobota<\/td>\n<td style=\"width: 77.9551%; height: 24px;\">Festyn Rodzinny w Klepinie<\/td>\n<\/tr>\n<tr style=\"height: 24px;\">\n<td style=\"width: 10.2973%; height: 24px;\">15.08.2024<\/td>\n<td style=\"width: 11.6751%; height: 24px;\">czwartek<\/td>\n<td style=\"width: 77.9551%; height: 24px;\">Rajd Rowerowy do Chromowa<\/td>\n<\/tr>\n<tr style=\"height: 24px;\">\n<td style=\"width: 10.2973%; height: 24px;\">17.08.2024<\/td>\n<td style=\"width: 11.6751%; height: 24px;\">sobota<\/td>\n<td style=\"width: 77.9551%; height: 24px;\">10-lecie Stowarzyszenia FIBER<\/td>\n<\/tr>\n<tr style=\"height: 24px;\">\n<td style=\"width: 10.2973%; height: 24px;\">24.08.2024<\/td>\n<td style=\"width: 11.6751%; height: 24px;\">sobota<\/td>\n<td style=\"width: 77.9551%; height: 24px;\">Do\u017cynki Gminne &#8211; Przybymierz<\/td>\n<\/tr>\n<tr style=\"height: 24px;\">\n<td style=\"width: 10.2973%; height: 24px;\">31.08.2024<\/td>\n<td style=\"width: 11.6751%; height: 24px;\">sobota<\/td>\n<td style=\"width: 77.9551%; height: 24px;\">Powiatowo-Gminne Do\u017cynki w Ko\u017ali<\/td>\n<\/tr>\n<tr style=\"height: 24px;\">\n<td style=\"width: 99.9275%; height: 24px;\" colspan=\"3\">&#8211;<\/td>\n<\/tr>\n<tr style=\"height: 24px;\">\n<td style=\"width: 10.2973%; height: 24px;\">07.09.2024<\/td>\n<td style=\"width: 11.6751%; height: 24px;\">sobota<\/td>\n<td style=\"width: 77.9551%; height: 24px;\">Festyn Rodzinny w Bogaczowie<\/td>\n<\/tr>\n<tr style=\"height: 24px;\">\n<td style=\"width: 10.2973%; height: 24px;\">14.09.2024<\/td>\n<td style=\"width: 11.6751%; height: 24px;\">sobota<\/td>\n<td style=\"width: 77.9551%; height: 24px;\">Rajd Rowerowy &#8211; &#8222;Rowerem \u015aladami Historii&#8221;<\/td>\n<\/tr>\n<tr style=\"height: 24px;\">\n<td style=\"width: 10.2973%; height: 24px;\">21.09.2024<\/td>\n<td style=\"width: 11.6751%; height: 24px;\">sobota<\/td>\n<td style=\"width: 77.9551%; height: 24px;\">Festyn z okazji zako\u0144czenia lata w Kaczenicach<\/td>\n<\/tr>\n<tr style=\"height: 24px;\">\n<td style=\"width: 10.2973%; height: 24px;\">22.09.2024<\/td>\n<td style=\"width: 11.6751%; height: 24px;\">niedziela<\/td>\n<td style=\"width: 77.9551%; height: 24px;\">Rodzinny Festyn Sportowy w Bogaczowie<\/td>\n<\/tr>\n<tr style=\"height: 24px;\">\n<td style=\"width: 10.2973%; height: 24px;\">25.09.2024<\/td>\n<td style=\"width: 11.6751%; height: 24px;\">\u015broda<\/td>\n<td style=\"width: 77.9551%; height: 24px;\">Dzie\u0144 Sportu w SP Niwiska<\/td>\n<\/tr>\n<tr style=\"height: 24px;\">\n<td style=\"width: 99.9275%; height: 24px;\" colspan=\"3\">&#8211;<\/td>\n<\/tr>\n<tr style=\"height: 24px;\">\n<td style=\"width: 10.2973%; height: 24px;\">05.10.2024<\/td>\n<td style=\"width: 11.6751%; height: 24px;\">sobota<\/td>\n<td style=\"width: 77.9551%; height: 24px;\">Piknik Latawcowy &#8222;Latawce nad Bobrem&#8221;<\/td>\n<\/tr>\n<tr style=\"height: 24px;\">\n<td style=\"width: 10.2973%; height: 24px;\">12.10.2024<\/td>\n<td style=\"width: 11.6751%; height: 24px;\">sobota<\/td>\n<td style=\"width: 77.9551%; height: 24px;\">15-lecie klubu Seniora<\/td>\n<\/tr>\n<tr>\n<td style=\"width: 10.2973%;\" width=\"90\">19.10.2024<\/td>\n<td style=\"width: 11.6751%;\" width=\"64\">sobota<\/td>\n<td style=\"width: 77.9551%;\" width=\"64\">Jesienny Festyn Szkolny w SP 1<\/td>\n<\/tr>\n<tr>\n<td style=\"width: 10.2973%;\">10.11.2024<\/td>\n<td style=\"width: 11.6751%;\">niedziela<\/td>\n<td style=\"width: 77.9551%;\">Deblowy Puchar Bobra<\/td>\n<\/tr>\n<tr>\n<td style=\"width: 10.2973%;\">11.11.2024<\/td>\n<td style=\"width: 11.6751%;\">poniedzia\u0142ek<\/td>\n<td style=\"width: 77.9551%;\">Niepodleg\u0142o\u015bciowe \u015bwi\u0119towanie<\/td>\n<\/tr>\n<tr>\n<td style=\"width: 10.2973%;\">17.11.2024<\/td>\n<td style=\"width: 11.6751%;\">niedziela<\/td>\n<td style=\"width: 77.9551%;\">IM Nowogrodu Bobrza\u0144skiego w tenisie sto\u0142owym<\/td>\n<\/tr>\n<tr>\n<td style=\"width: 10.2973%;\">07.12.2024<\/td>\n<td style=\"width: 11.6751%;\">sobota<\/td>\n<td style=\"width: 77.9551%;\">Gala Wolontariatu<\/td>\n<\/tr>\n<tr>\n<td style=\"width: 10.2973%;\">14.12.2024<\/td>\n<td style=\"width: 11.6751%;\">sobota<\/td>\n<td style=\"width: 77.9551%;\">Gwiazdka z Fiberem<\/td>\n<\/tr>\n<\/tbody>\n<\/table>\n","protected":false},"excerpt":{"rendered":"<p>KALENDARIUM 2024 07.01.2024 niedziela Noworoczny turniej tenisa Sto\u0142owego 21.01.2024 niedziela rzut A klasy zielonog\u00f3rskiej 28.01.2024&#8230;<\/p>\n","protected":false},"author":1,"featured_media":0,"parent":19,"menu_order":0,"comment_status":"closed","ping_status":"closed","template":"","meta":{"footnotes":""},"class_list":["post-5764","page","type-page","status-publish","hentry"],"_links":{"self":[{"href":"https:\/\/www.fibernowogrod.pl\/index.php\/wp-json\/wp\/v2\/pages\/5764","targetHints":{"allow":["GET"]}}],"collection":[{"href":"https:\/\/www.fibernowogrod.pl\/index.php\/wp-json\/wp\/v2\/pages"}],"about":[{"href":"https:\/\/www.fibernowogrod.pl\/index.php\/wp-json\/wp\/v2\/types\/page"}],"author":[{"embeddable":true,"href":"https:\/\/www.fibernowogrod.pl\/index.php\/wp-json\/wp\/v2\/users\/1"}],"replies":[{"embeddable":true,"href":"https:\/\/www.fibernowogrod.pl\/index.php\/wp-json\/wp\/v2\/comments?post=5764"}],"version-history":[{"count":11,"href":"https:\/\/www.fibernowogrod.pl\/index.php\/wp-json\/wp\/v2\/pages\/5764\/revisions"}],"predecessor-version":[{"id":5878,"href":"https:\/\/www.fibernowogrod.pl\/index.php\/wp-json\/wp\/v2\/pages\/5764\/revisions\/5878"}],"up":[{"embeddable":true,"href":"https:\/\/www.fibernowogrod.pl\/index.php\/wp-json\/wp\/v2\/pages\/19"}],"wp:attachment":[{"href":"https:\/\/www.fibernowogrod.pl\/index.php\/wp-json\/wp\/v2\/media?parent=5764"}],"curies":[{"name":"wp","href":"https:\/\/api.w.org\/{rel}","templated":true}]}}